{"id":1408,"date":"2023-08-09T17:37:21","date_gmt":"2023-08-09T21:37:21","guid":{"rendered":"https:\/\/dev.smk.agency\/ieb\/es\/?post_type=proyectos&#038;p=1408"},"modified":"2025-07-10T11:53:09","modified_gmt":"2025-07-10T16:53:09","slug":"modelo-dinamico","status":"publish","type":"proyectos","link":"https:\/\/www.ieb.co\/es\/proyectos\/modelo-dinamico\/","title":{"rendered":"Modelo preliminar-Parque fotovoltaico Sunnorte de 35MW"},"template":"","projects-type":[39],"class_list":["post-1408","proyectos","type-proyectos","status-publish","hentry","projects-type-energia"],"acf":{"content":{"image":1409,"resume":"","description":"<span style=\"font-weight: 400;\">Modelos de control de plantas e\u00f3licas y solares fotovoltaicas\u00a0 conectadas\u00a0 al STN\u00a0 y\u00a0 STR :para\u00a0 el\u00a0 caso\u00a0 de\u00a0 plantas\u00a0 solares\u00a0 fotovoltaicas\u00a0 y\u00a0 e\u00f3licas\u00a0 que\u00a0 se conecten\u00a0 al\u00a0 STN\u00a0 y\u00a0 STR\u00a0 es\u00a0 responsabilidad\u00a0 de\u00a0 los\u00a0 agentes\u00a0 representantes\u00a0 entregar\u00a0 al CND, 6 meses antes de su entrada en operaci\u00f3n, los modelos preliminares de la planta de generaci\u00f3n\u00a0 y\u00a0 sus\u00a0 controles\u00a0 asociados\u00a0 para\u00a0 los\u00a0 estudios\u00a0 de\u00a0 simulaci\u00f3n\u00a0 RMS\u00a0 en\u00a0 la herramienta\u00a0 utilizada\u00a0 por\u00a0 el\u00a0 CND.\u00a0 <\/span>\r\n\r\n&nbsp;\r\n\r\n<span style=\"font-weight: 400;\">Estos\u00a0 modelos incluyen\u00a0 los\u00a0 requisitos\u00a0 t\u00e9cnicos definidos en la presente resoluci\u00f3n, para el control de frecuencia y potencia activa, el control de tensi\u00f3n y potencia reactiva, as\u00ed como permitir el ajuste de los par\u00e1metros que definen estas\u00a0 funcionalidades.<\/span>","details":{"place":"Colombia","location":"Oca\u00f1a - Norte de Santander","customer":"Ecoener Ingenier\u00eda","year":"2022"},"gallery":[{"image":1410},{"image":1411}],"seal_ods_title":"Este proyecto cumple con los siguientes sellos otorgados por la ODS:","sellos_ods":[{"image":639},{"image":633}],"max_width_section":1440,"private_data":null}},"yoast_head":"<!-- This site is optimized with the Yoast SEO plugin v24.9 - https:\/\/yoast.com\/wordpress\/plugins\/seo\/ -->\n<title>Modelo din\u00e1mico preliminar de plantas e\u00f3licas y solares<\/title>\n<meta name=\"description\" content=\"Modelo preliminar de control\u00a0de\u00a0plantas e\u00f3licas\u00a0y\u00a0solares fotovoltaicas conectadas\u00a0al STN y\u00a0STR en Colombia.\" \/>\n<meta name=\"robots\" content=\"index, follow, max-snippet:-1, max-image-preview:large, max-video-preview:-1\" \/>\n<link rel=\"canonical\" href=\"https:\/\/www.ieb.co\/es\/proyectos\/modelo-dinamico\/\" \/>\n<meta property=\"og:locale\" content=\"es_ES\" \/>\n<meta property=\"og:locale:alternate\" content=\"en_US\" \/>\n<meta property=\"og:type\" content=\"article\" \/>\n<meta property=\"og:title\" content=\"Modelo din\u00e1mico preliminar de plantas e\u00f3licas y solares\" \/>\n<meta property=\"og:description\" content=\"Modelo preliminar de control\u00a0de\u00a0plantas e\u00f3licas\u00a0y\u00a0solares fotovoltaicas conectadas\u00a0al STN y\u00a0STR en Colombia.\" \/>\n<meta property=\"og:url\" content=\"https:\/\/www.ieb.co\/es\/proyectos\/modelo-dinamico\/\" \/>\n<meta property=\"og:site_name\" content=\"IEB\" \/>\n<meta property=\"article:modified_time\" content=\"2025-07-10T16:53:09+00:00\" \/>\n<meta name=\"twitter:card\" content=\"summary_large_image\" \/>\n<script type=\"application\/ld+json\" class=\"yoast-schema-graph\">{\"@context\":\"https:\/\/schema.org\",\"@graph\":[{\"@type\":\"WebPage\",\"@id\":\"https:\/\/www.ieb.co\/es\/proyectos\/modelo-dinamico\/\",\"url\":\"https:\/\/www.ieb.co\/es\/proyectos\/modelo-dinamico\/\",\"name\":\"Modelo din\u00e1mico preliminar de plantas e\u00f3licas y solares\",\"isPartOf\":{\"@id\":\"https:\/\/72.167.143.239\/es\/#website\"},\"datePublished\":\"2023-08-09T21:37:21+00:00\",\"dateModified\":\"2025-07-10T16:53:09+00:00\",\"description\":\"Modelo preliminar de control\u00a0de\u00a0plantas e\u00f3licas\u00a0y\u00a0solares fotovoltaicas conectadas\u00a0al STN y\u00a0STR en Colombia.\",\"inLanguage\":\"es-CO\",\"potentialAction\":[{\"@type\":\"ReadAction\",\"target\":[\"https:\/\/www.ieb.co\/es\/proyectos\/modelo-dinamico\/\"]}]},{\"@type\":\"WebSite\",\"@id\":\"https:\/\/72.167.143.239\/es\/#website\",\"url\":\"https:\/\/72.167.143.239\/es\/\",\"name\":\"IEB\",\"description\":\"Bienvenidos a ieb - Ingenieria Especializada ... Proyectos Desarrollados. Colombia ... s\u00f3lidas con nuestros clientes que hacen de ieb su mejor aliado.\",\"potentialAction\":[{\"@type\":\"SearchAction\",\"target\":{\"@type\":\"EntryPoint\",\"urlTemplate\":\"https:\/\/72.167.143.239\/es\/?s={search_term_string}\"},\"query-input\":{\"@type\":\"PropertyValueSpecification\",\"valueRequired\":true,\"valueName\":\"search_term_string\"}}],\"inLanguage\":\"es-CO\"}]}<\/script>\n<!-- \/ Yoast SEO plugin. -->","yoast_head_json":{"title":"Modelo din\u00e1mico preliminar de plantas e\u00f3licas y solares","description":"Modelo preliminar de control\u00a0de\u00a0plantas e\u00f3licas\u00a0y\u00a0solares fotovoltaicas conectadas\u00a0al STN y\u00a0STR en Colombia.","robots":{"index":"index","follow":"follow","max-snippet":"max-snippet:-1","max-image-preview":"max-image-preview:large","max-video-preview":"max-video-preview:-1"},"canonical":"https:\/\/www.ieb.co\/es\/proyectos\/modelo-dinamico\/","og_locale":"es_ES","og_type":"article","og_title":"Modelo din\u00e1mico preliminar de plantas e\u00f3licas y solares","og_description":"Modelo preliminar de control\u00a0de\u00a0plantas e\u00f3licas\u00a0y\u00a0solares fotovoltaicas conectadas\u00a0al STN y\u00a0STR en Colombia.","og_url":"https:\/\/www.ieb.co\/es\/proyectos\/modelo-dinamico\/","og_site_name":"IEB","article_modified_time":"2025-07-10T16:53:09+00:00","twitter_card":"summary_large_image","schema":{"@context":"https:\/\/schema.org","@graph":[{"@type":"WebPage","@id":"https:\/\/www.ieb.co\/es\/proyectos\/modelo-dinamico\/","url":"https:\/\/www.ieb.co\/es\/proyectos\/modelo-dinamico\/","name":"Modelo din\u00e1mico preliminar de plantas e\u00f3licas y solares","isPartOf":{"@id":"https:\/\/72.167.143.239\/es\/#website"},"datePublished":"2023-08-09T21:37:21+00:00","dateModified":"2025-07-10T16:53:09+00:00","description":"Modelo preliminar de control\u00a0de\u00a0plantas e\u00f3licas\u00a0y\u00a0solares fotovoltaicas conectadas\u00a0al STN y\u00a0STR en Colombia.","inLanguage":"es-CO","potentialAction":[{"@type":"ReadAction","target":["https:\/\/www.ieb.co\/es\/proyectos\/modelo-dinamico\/"]}]},{"@type":"WebSite","@id":"https:\/\/72.167.143.239\/es\/#website","url":"https:\/\/72.167.143.239\/es\/","name":"IEB","description":"Bienvenidos a ieb - Ingenieria Especializada ... Proyectos Desarrollados. Colombia ... s\u00f3lidas con nuestros clientes que hacen de ieb su mejor aliado.","potentialAction":[{"@type":"SearchAction","target":{"@type":"EntryPoint","urlTemplate":"https:\/\/72.167.143.239\/es\/?s={search_term_string}"},"query-input":{"@type":"PropertyValueSpecification","valueRequired":true,"valueName":"search_term_string"}}],"inLanguage":"es-CO"}]}},"_links":{"self":[{"href":"https:\/\/www.ieb.co\/es\/wp-json\/wp\/v2\/proyectos\/1408","targetHints":{"allow":["GET"]}}],"collection":[{"href":"https:\/\/www.ieb.co\/es\/wp-json\/wp\/v2\/proyectos"}],"about":[{"href":"https:\/\/www.ieb.co\/es\/wp-json\/wp\/v2\/types\/proyectos"}],"wp:attachment":[{"href":"https:\/\/www.ieb.co\/es\/wp-json\/wp\/v2\/media?parent=1408"}],"wp:term":[{"taxonomy":"projects-type","embeddable":true,"href":"https:\/\/www.ieb.co\/es\/wp-json\/wp\/v2\/projects-type?post=1408"}],"curies":[{"name":"wp","href":"https:\/\/api.w.org\/{rel}","templated":true}]}}